{"id":703,"date":"2022-02-10T17:17:56","date_gmt":"2022-02-10T17:17:56","guid":{"rendered":"https:\/\/goldenbrasilcoffee.ro\/?page_id=703"},"modified":"2022-02-14T12:24:32","modified_gmt":"2022-02-14T12:24:32","slug":"agentie","status":"publish","type":"page","link":"https:\/\/goldenbrasilcoffee.ro\/index.php\/agentie\/","title":{"rendered":"Agen\u021bie"},"content":{"rendered":"<p>[vc_row][vc_column width=&#8221;2\/3&#8243;]<div id=\"ultimate-heading-523669f1ce343fde9\" class=\"uvc-heading ult-adjust-bottom-margin ultimate-heading-523669f1ce343fde9 uvc-8784  uvc-heading-default-font-sizes\" data-hspacer=\"line_only\"  data-halign=\"center\" style=\"text-align:center\"><div class=\"uvc-main-heading ult-responsive\"  data-ultimate-target='.uvc-heading.ultimate-heading-523669f1ce343fde9 h2'  data-responsive-json-new='{\"font-size\":\"\",\"line-height\":\"\"}' ><h2 style=\"--font-weight:theme;\">Grupul de Aur<\/h2><\/div><div class=\"uvc-heading-spacer line_only\" style=\"topheight:1px;\"><span class=\"uvc-headings-line\" style=\"border-style:solid;border-bottom-width:1px;border-color:#e7b35a;width:1000px;\"><\/span><\/div><\/div>[vc_single_image image=&#8221;706&#8243; img_size=&#8221;full&#8221;]<div id=\"ultimate-heading-222269f1ce343feba\" class=\"uvc-heading ult-adjust-bottom-margin ultimate-heading-222269f1ce343feba uvc-3717  uvc-heading-default-font-sizes\" data-hspacer=\"line_only\"  data-halign=\"center\" style=\"text-align:center\"><div class=\"uvc-main-heading ult-responsive\"  data-ultimate-target='.uvc-heading.ultimate-heading-222269f1ce343feba h2'  data-responsive-json-new='{\"font-size\":\"\",\"line-height\":\"\"}' ><h2 style=\"--font-weight:theme;\">Concentra\u021bi-v\u0103 pe calitate, inova\u021bie, pasiune<\/h2><\/div><div class=\"uvc-heading-spacer line_only\" style=\"topheight:1px;\"><span class=\"uvc-headings-line\" style=\"border-style:solid;border-bottom-width:1px;border-color:#e7b35a;width:1000px;\"><\/span><\/div><\/div>[vc_column_text]<span>Astfel a luat na\u0219tere Dacat\u00e8 srl, de\u021bin\u0103toare a m\u0103rcilor Golden Brasil Coffee, Caff\u00e8 Arditi Roma \u0219i Alunni Atelier del caff\u00e8.\u00a0O realitate care a reu\u0219it s\u0103 cucereasc\u0103 gustul publicului deservind direct \u00een Roma peste 1.200 de unit\u0103\u021bi comerciale inclusiv baruri \u0219i restaurante, distribuitori \u00een 8 regiuni italiene, peste 30 de distribuitori \u00een lume, 25 de companii private label.<\/span><\/p>\n<p><span>Totul a \u00eenceput \u00een 1961 c\u00e2nd brandul Golden Brasil Coffee a luat na\u0219tere \u00eentr-o mic\u0103 cantin\u0103 din Milano, achizi\u021bionat\u0103 ulterior de familia Alunni \u0219i transferat\u0103 \u00een fabricile actuale de produc\u021bie din Roma, unde au fost create ulterior celelalte m\u0103rci, Caff\u00e8 Arditi \u0219i Alunni Caff\u00e8. , p\u0103str\u00e2nd acelea\u0219i care sunt obiectivele noastre: calitatea produsului, satisfac\u021bia clien\u021bilor \u0219i optimizarea serviciilor, inclusiv instruirea efectuat\u0103 de formatorii no\u0219tri de cafea.<\/span>[\/vc_column_text]<div id=\"ultimate-heading-511169f1ce343ff85\" class=\"uvc-heading ult-adjust-bottom-margin ultimate-heading-511169f1ce343ff85 uvc-965  uvc-heading-default-font-sizes\" data-hspacer=\"line_only\"  data-halign=\"center\" style=\"text-align:center\"><div class=\"uvc-main-heading ult-responsive\"  data-ultimate-target='.uvc-heading.ultimate-heading-511169f1ce343ff85 h2'  data-responsive-json-new='{\"font-size\":\"\",\"line-height\":\"\"}' ><h2 style=\"--font-weight:theme;\">Calitate \u0219i tradi\u021bie<\/h2><\/div><div class=\"uvc-heading-spacer line_only\" style=\"topheight:1px;\"><span class=\"uvc-headings-line\" style=\"border-style:solid;border-bottom-width:1px;border-color:#e7b35a;width:1000px;\"><\/span><\/div><\/div>[vc_column_text]<span>Angaj\u00e2ndu-se \u00een c\u0103utarea unor cafele de calitate superioar\u0103 \u0219i select\u00e2nd cafeaua acestora din cele mai bune planta\u021bii din lume, Guatemala, Columbia, Brazilia, Kenya, Jamaica \u0219i altele, cre\u00e2nd o gam\u0103 larg\u0103 de amestecuri pentru a oferi fiec\u0103rui client un produs ideal \u0219i un perfect produs c\u0103tre consumatorul final.<\/span><\/p>\n<p><span>Odat\u0103 importate, aceste cafele sunt selectate \u00een continuare \u0219i pr\u0103jite \u00een liniile noastre de produc\u021bie \u0219i amestecate dup\u0103 cum ne \u00eenva\u021b\u0103 cea mai bun\u0103 tradi\u021bie.<\/span><\/p>\n<p><span>\u00centregul proces de fabrica\u021bie are ca scop ob\u021binerea unui produs care s\u0103 satisfac\u0103 chiar \u0219i cele mai rafinate palate.<\/span>[\/vc_column_text]<div id=\"ultimate-heading-167669f1ce344001f\" class=\"uvc-heading ult-adjust-bottom-margin ultimate-heading-167669f1ce344001f uvc-5204  uvc-heading-default-font-sizes\" data-hspacer=\"line_only\"  data-halign=\"center\" style=\"text-align:center\"><div class=\"uvc-main-heading ult-responsive\"  data-ultimate-target='.uvc-heading.ultimate-heading-167669f1ce344001f h2'  data-responsive-json-new='{\"font-size\":\"\",\"line-height\":\"\"}' ><h2 style=\"--font-weight:theme;\">Uzina de productie<\/h2><\/div><div class=\"uvc-heading-spacer line_only\" style=\"topheight:1px;\"><span class=\"uvc-headings-line\" style=\"border-style:solid;border-bottom-width:1px;border-color:#e7b35a;width:1000px;\"><\/span><\/div><\/div>[vc_column_text]Este structurata pentru o capacitate de productie de aproximativ 1.100.000 kg pe an formata din urmatoarele linii de productie: cafea boabe, cafea macinata, cafea monoportionata cu doua linii de capsule si una de pastai, cafea organica, linie de zahar monoportionat, linie de kit vending ( zah\u0103r \u00een plic, lingur\u0103 \u0219i can\u0103), linie decofeinizat\u0103 \u00een plic.[\/vc_column_text]<div id=\"ultimate-heading-135069f1ce34400d8\" class=\"uvc-heading ult-adjust-bottom-margin ultimate-heading-135069f1ce34400d8 uvc-2667  uvc-heading-default-font-sizes\" data-hspacer=\"line_only\"  data-halign=\"center\" style=\"text-align:center\"><div class=\"uvc-main-heading ult-responsive\"  data-ultimate-target='.uvc-heading.ultimate-heading-135069f1ce34400d8 h2'  data-responsive-json-new='{\"font-size\":\"\",\"line-height\":\"\"}' ><h2 style=\"--font-weight:theme;\">Premii \u0219i certific\u0103ri<\/h2><\/div><div class=\"uvc-heading-spacer line_only\" style=\"topheight:1px;\"><span class=\"uvc-headings-line\" style=\"border-style:solid;border-bottom-width:1px;border-color:#e7b35a;width:1000px;\"><\/span><\/div><\/div>[vc_column_text]<span>Compania a primit sigiliul de \u201ecampion de cre\u0219tere\u201d al Institutului German de Calitate \u0219i Finan\u021be \u0219i mai multe premii de categorie, precum cele zece medalii de aur c\u00e2\u0219tigate la concursurile interna\u021bionale de degustare de cafea pentru espressoul italian IIAC, edi\u021bia 2017\/2018\/2019. \/2020\/2021 \u00cen plus, o recunoa\u0219tere ca excelen\u021b\u0103 italian\u0103 \u00een 2020.<\/span><\/p>\n<p><span>O pasiune care se transform\u0103 \u00een inova\u021bie, cu personal dedicat cercet\u0103rii \u0219i dezvolt\u0103rii, dovad\u0103 fiind recunoa\u0219terea Regiunii Lazio ca membru al Comunit\u0103\u021bii Inovatorilor.<\/span><\/p>\n<p><span>Organiza\u021bia companiei a reu\u0219it s\u0103 ob\u021bin\u0103 \u0219i Certificarea de calitate ISO 9001: 2015 precum \u0219i certificarea pentru produc\u021bia de cafea ecologic\u0103, acord\u00e2nd o mare aten\u021bie \u0219i sensibilitate culturilor durabile \u0219i responsabile din punct de vedere social.\u00a0\u00cen plus, din 2017 compania noastr\u0103 a ob\u021binut certificarea Halal, iar \u00een 2021 am devenit un centru autorizat pentru Sistemul de Gradare Latte Art.<\/span><\/p>\n<p>&nbsp;[\/vc_column_text][vc_single_image image=&#8221;707&#8243; img_size=&#8221;full&#8221;][\/vc_column][vc_column width=&#8221;1\/3&#8243;][vc_raw_html]JTNDaWZyYW1lJTIwc3JjJTNEJTIyaHR0cHMlM0ElMkYlMkZ3d3cuZmFjZWJvb2suY29tJTJGcGx1Z2lucyUyRnBhZ2UucGhwJTNGaHJlZiUzRGh0dHBzJTI1M0ElMjUyRiUyNTJGd3d3LmZhY2Vib29rLmNvbSUyNTJGU2VydmljZUNvZmZlZUh1bmVkb2FyYSUyNTJGJTI2dGFicyUzRHRpbWVsaW5lJTI2d2lkdGglM0QzNDAlMjZoZWlnaHQlM0Q5MDAlMjZzbWFsbF9oZWFkZXIlM0R0cnVlJTI2YWRhcHRfY29udGFpbmVyX3dpZHRoJTNEdHJ1ZSUyNmhpZGVfY292ZXIlM0RmYWxzZSUyNnNob3dfZmFjZXBpbGUlM0R0cnVlJTI2YXBwSWQlM0QxNTQzMzY0OTg5MTM4NDMyJTIyJTIwd2lkdGglM0QlMjIzNDAlMjIlMjBoZWlnaHQlM0QlMjI5MDAlMjIlMjBzdHlsZSUzRCUyMmJvcmRlciUzQW5vbmUlM0JvdmVyZmxvdyUzQWhpZGRlbiUyMiUyMHNjcm9sbGluZyUzRCUyMm5vJTIyJTIwZnJhbWVib3JkZXIlM0QlMjIwJTIyJTIwYWxsb3dUcmFuc3BhcmVuY3klM0QlMjJ0cnVlJTIyJTIwYWxsb3clM0QlMjJlbmNyeXB0ZWQtbWVkaWElMjIlM0UlM0MlMkZpZnJhbWUlM0U=[\/vc_raw_html][\/vc_column][\/vc_row]<\/p>\n","protected":false},"excerpt":{"rendered":"<p>[vc_row][vc_column width=&#8221;2\/3&#8243;][vc_single_image image=&#8221;706&#8243; img_size=&#8221;full&#8221;][vc_column_text]Astfel a luat na\u0219tere Dacat\u00e8 srl, de\u021bin\u0103toare a m\u0103rcilor Golden Brasil Coffee, Caff\u00e8 Arditi Roma \u0219i Alunni Atelier del caff\u00e8.\u00a0O realitate care a reu\u0219it s\u0103 cucereasc\u0103 gustul publicului deservind direct \u00een Roma peste 1.200 de unit\u0103\u021bi comerciale inclusiv baruri \u0219i restaurante, distribuitori \u00een 8 regiuni italiene, peste 30 de distribuitori \u00een lume,&hellip;<\/p>\n","protected":false},"author":1,"featured_media":0,"parent":0,"menu_order":0,"comment_status":"closed","ping_status":"closed","template":"template-microsite.php","meta":{"footnotes":""},"class_list":["post-703","page","type-page","status-publish","hentry","description-off"],"_links":{"self":[{"href":"https:\/\/goldenbrasilcoffee.ro\/index.php\/wp-json\/wp\/v2\/pages\/703","targetHints":{"allow":["GET"]}}],"collection":[{"href":"https:\/\/goldenbrasilcoffee.ro\/index.php\/wp-json\/wp\/v2\/pages"}],"about":[{"href":"https:\/\/goldenbrasilcoffee.ro\/index.php\/wp-json\/wp\/v2\/types\/page"}],"author":[{"embeddable":true,"href":"https:\/\/goldenbrasilcoffee.ro\/index.php\/wp-json\/wp\/v2\/users\/1"}],"replies":[{"embeddable":true,"href":"https:\/\/goldenbrasilcoffee.ro\/index.php\/wp-json\/wp\/v2\/comments?post=703"}],"version-history":[{"count":4,"href":"https:\/\/goldenbrasilcoffee.ro\/index.php\/wp-json\/wp\/v2\/pages\/703\/revisions"}],"predecessor-version":[{"id":1304,"href":"https:\/\/goldenbrasilcoffee.ro\/index.php\/wp-json\/wp\/v2\/pages\/703\/revisions\/1304"}],"wp:attachment":[{"href":"https:\/\/goldenbrasilcoffee.ro\/index.php\/wp-json\/wp\/v2\/media?parent=703"}],"curies":[{"name":"wp","href":"https:\/\/api.w.org\/{rel}","templated":true}]}}